{"id":9,"date":"2025-01-15T21:50:15","date_gmt":"2025-01-15T20:50:15","guid":{"rendered":"https:\/\/www.kilaomsorg.se\/?page_id=9"},"modified":"2026-08-04T04:15:32","modified_gmt":"2026-08-04T02:15:32","slug":"boende","status":"publish","type":"page","link":"https:\/\/www.kilaomsorg.se\/index.php\/boende\/","title":{"rendered":"Boende"},"content":{"rendered":"\n<div class=\"wp-block-cover\" style=\"min-height:430px;aspect-ratio:unset;\"><img loading=\"lazy\" decoding=\"async\" width=\"1024\" height=\"465\" class=\"wp-block-cover__image-background wp-image-330 size-large\" alt=\"\" src=\"https:\/\/www.kilaomsorg.se\/wp-content\/uploads\/2026\/08\/Kila-kyrkby-ljusare-1024x465.jpg\" data-object-fit=\"cover\" srcset=\"https:\/\/www.kilaomsorg.se\/wp-content\/uploads\/2026\/08\/Kila-kyrkby-ljusare-1024x465.jpg 1024w, https:\/\/www.kilaomsorg.se\/wp-content\/uploads\/2026\/08\/Kila-kyrkby-ljusare-300x136.jpg 300w, https:\/\/www.kilaomsorg.se\/wp-content\/uploads\/2026\/08\/Kila-kyrkby-ljusare-768x349.jpg 768w, https:\/\/www.kilaomsorg.se\/wp-content\/uploads\/2026\/08\/Kila-kyrkby-ljusare-1536x697.jpg 1536w, https:\/\/www.kilaomsorg.se\/wp-content\/uploads\/2026\/08\/Kila-kyrkby-ljusare.jpg 1862w\" sizes=\"auto, (max-width: 1024px) 100vw, 1024px\" \/><span aria-hidden=\"true\" class=\"wp-block-cover__background has-background-dim\" style=\"background-color:#828340\"><\/span><div class=\"wp-block-cover__inner-container is-layout-constrained wp-block-cover-is-layout-constrained\">\n<p class=\"has-text-align-center has-large-font-size wp-block-paragraph\">Boende<\/p>\n<\/div><\/div>\n\n\n\n<figure class=\"wp-block-pullquote\"><blockquote><p>Flygfoto av Kila Kyrkby fr\u00e5n tidigt 1970-tal<\/p><cite>Fastigheten har genom \u00e5ren bl.a anv\u00e4nds som v\u00e5rdinr\u00e4ttning och \u00e4ldreboende, <br>men inhyser idag ett skolk\u00f6k samt Kila Omsorg ABs HVB-verksamhet.<\/cite><\/blockquote><\/figure>\n\n\n\n<div class=\"wp-block-media-text has-media-on-the-right is-stacked-on-mobile\"><div class=\"wp-block-media-text__content\">\n<p class=\"wp-block-paragraph\">Strax s\u00f6der om Sala finns boendet i en liten by med n\u00e4rhet till skog och natur. I boendet finns elva l\u00e4genheter som ligger i en samlad boendedel i huset och varje l\u00e4genhet \u00e4r tillg\u00e4nglighetsanpassad. Samtliga l\u00e4genheter ligger i n\u00e4ra anslutning till  ett v\u00e4lutrustat gemensamt k\u00f6k med matsal och allrum\/aktivitetsrum. Boendet \u00e4r bemannat med personal dygnet runt. Verksamheten riktar sig till vuxna personer \u00f6ver 21 \u00e5r med beroendeproblematik.<\/p>\n\n\n\n<p class=\"wp-block-paragraph\">Boendets l\u00e4ge pr\u00e4glas av en lantlig k\u00e4nsla och en gr\u00f6nskande lugn milj\u00f6. Det finns stora gr\u00e4sytor som kan anv\u00e4ndas f\u00f6r aktiviteter och ocks\u00e5 inbjuder till kreativa saker som odling och tr\u00e4dg\u00e5rdsprojekt.<\/p>\n<\/div><figure class=\"wp-block-media-text__media\"><img loading=\"lazy\" decoding=\"async\" width=\"1024\" height=\"768\" src=\"https:\/\/www.kilaomsorg.se\/wp-content\/uploads\/2025\/10\/IMG_3394-1024x768.jpg\" alt=\"\" class=\"wp-image-240 size-full\" srcset=\"https:\/\/www.kilaomsorg.se\/wp-content\/uploads\/2025\/10\/IMG_3394-1024x768.jpg 1024w, https:\/\/www.kilaomsorg.se\/wp-content\/uploads\/2025\/10\/IMG_3394-300x225.jpg 300w, https:\/\/www.kilaomsorg.se\/wp-content\/uploads\/2025\/10\/IMG_3394-768x576.jpg 768w, https:\/\/www.kilaomsorg.se\/wp-content\/uploads\/2025\/10\/IMG_3394-1536x1152.jpg 1536w, https:\/\/www.kilaomsorg.se\/wp-content\/uploads\/2025\/10\/IMG_3394-2048x1536.jpg 2048w, https:\/\/www.kilaomsorg.se\/wp-content\/uploads\/2025\/10\/IMG_3394-730x547.jpg 730w\" sizes=\"auto, (max-width: 1024px) 100vw, 1024px\" \/><\/figure><\/div>\n\n\n\n<div class=\"wp-block-media-text has-media-on-the-right is-stacked-on-mobile\"><div class=\"wp-block-media-text__content\">\n<p class=\"wp-block-paragraph\">Den stora terrassen som ligger i direkt anslutning till basen (k\u00f6k + gemensamhetsyta) och \u00e4r tillg\u00e4nglighetsanpassad,&nbsp; inbjuder till utevistelse, avkoppling och t.ex grillning. <br>Intill terrassen finns en stor plan gr\u00e4syta d\u00e4r plats finns f\u00f6r t.ex odlingsb\u00e4ddar och det \u00e4r en fin yta f\u00f6r uteaktiviteter.&nbsp;<\/p>\n<\/div><figure class=\"wp-block-media-text__media\"><img loading=\"lazy\" decoding=\"async\" width=\"1024\" height=\"768\" src=\"https:\/\/www.kilaomsorg.se\/wp-content\/uploads\/2025\/02\/IMG_0758-1024x768.jpg\" alt=\"\" class=\"wp-image-186 size-full\" srcset=\"https:\/\/www.kilaomsorg.se\/wp-content\/uploads\/2025\/02\/IMG_0758-1024x768.jpg 1024w, https:\/\/www.kilaomsorg.se\/wp-content\/uploads\/2025\/02\/IMG_0758-300x225.jpg 300w, https:\/\/www.kilaomsorg.se\/wp-content\/uploads\/2025\/02\/IMG_0758-768x576.jpg 768w, https:\/\/www.kilaomsorg.se\/wp-content\/uploads\/2025\/02\/IMG_0758-1536x1152.jpg 1536w, https:\/\/www.kilaomsorg.se\/wp-content\/uploads\/2025\/02\/IMG_0758-2048x1536.jpg 2048w, https:\/\/www.kilaomsorg.se\/wp-content\/uploads\/2025\/02\/IMG_0758-730x547.jpg 730w\" sizes=\"auto, (max-width: 1024px) 100vw, 1024px\" \/><\/figure><\/div>\n\n\n\n<div class=\"wp-block-media-text has-media-on-the-right is-stacked-on-mobile\"><div class=\"wp-block-media-text__content\">\n<p class=\"wp-block-paragraph\">Terrassen vetter mot de gr\u00f6nskande omgivningarna och Kila Kyrka. Milj\u00f6n i Kila \u00e4r rogivande och lugn samtidigt som Sala endast ligger 10 minuters k\u00f6rning bort, och V\u00e4ster\u00e5s ca 20 minuter d\u00e4rifr\u00e5n, om man vill ta del av det som st\u00e4derna erbjuder i form av aktiviteter, shopping och restauranger\/kultur\/n\u00f6jen.<\/p>\n<\/div><figure class=\"wp-block-media-text__media\"><img loading=\"lazy\" decoding=\"async\" width=\"1024\" height=\"768\" src=\"https:\/\/www.kilaomsorg.se\/wp-content\/uploads\/2025\/02\/IMG_0737-1024x768.jpg\" alt=\"\" class=\"wp-image-182 size-full\" srcset=\"https:\/\/www.kilaomsorg.se\/wp-content\/uploads\/2025\/02\/IMG_0737-1024x768.jpg 1024w, https:\/\/www.kilaomsorg.se\/wp-content\/uploads\/2025\/02\/IMG_0737-300x225.jpg 300w, https:\/\/www.kilaomsorg.se\/wp-content\/uploads\/2025\/02\/IMG_0737-768x576.jpg 768w, https:\/\/www.kilaomsorg.se\/wp-content\/uploads\/2025\/02\/IMG_0737-1536x1152.jpg 1536w, https:\/\/www.kilaomsorg.se\/wp-content\/uploads\/2025\/02\/IMG_0737-2048x1536.jpg 2048w, https:\/\/www.kilaomsorg.se\/wp-content\/uploads\/2025\/02\/IMG_0737-730x547.jpg 730w\" sizes=\"auto, (max-width: 1024px) 100vw, 1024px\" \/><\/figure><\/div>\n\n\n\n<div style=\"height:58px\" aria-hidden=\"true\" class=\"wp-block-spacer\"><\/div>\n\n\n\n<h2 class=\"wp-block-heading\">Varf\u00f6r v\u00e4lja Kila Omsorg HVB?<\/h2>\n\n\n\n<div class=\"wp-block-media-text is-stacked-on-mobile\" style=\"grid-template-columns:30% auto\"><figure class=\"wp-block-media-text__media\"><img loading=\"lazy\" decoding=\"async\" width=\"960\" height=\"1023\" src=\"https:\/\/www.kilaomsorg.se\/wp-content\/uploads\/2025\/01\/Hander_Farg.jpg\" alt=\"\" class=\"wp-image-10 size-full\" srcset=\"https:\/\/www.kilaomsorg.se\/wp-content\/uploads\/2025\/01\/Hander_Farg.jpg 960w, https:\/\/www.kilaomsorg.se\/wp-content\/uploads\/2025\/01\/Hander_Farg-282x300.jpg 282w, https:\/\/www.kilaomsorg.se\/wp-content\/uploads\/2025\/01\/Hander_Farg-768x818.jpg 768w\" sizes=\"auto, (max-width: 960px) 100vw, 960px\" \/><\/figure><div class=\"wp-block-media-text__content\">\n<p class=\"has-gray-background-color has-background wp-block-paragraph\">V\u00e5rt m\u00e5l \u00e4r att erbjuda en trygg, strukturerad och drogfri milj\u00f6 d\u00e4r individen ges f\u00f6ruts\u00e4ttningar att bryta sitt missbruk, hantera sin psykiska oh\u00e4lsa och bygga en grund f\u00f6r ett sj\u00e4lvst\u00e4ndigt och meningsfullt liv.<\/p>\n\n\n\n<p class=\"has-gray-background-color has-background wp-block-paragraph\">V\u00e5rden utg\u00e5r fr\u00e5n ett bio-psyko-socialt helhetsperspektiv och anpassas individuellt utifr\u00e5n varje klients unika behov, resurser och m\u00e5l.<\/p>\n\n\n\n<p class=\"has-gray-background-color has-background wp-block-paragraph\">Vi arbetar med att st\u00e4rka f\u00e4rdigheter inom omr\u00e5den som personlig ekonomi, kosth\u00e5llning, hygien, st\u00e4dning och att uppr\u00e4tth\u00e5lla en h\u00e4lsosam dygnsrytm (ADL-tr\u00e4ning). Vi st\u00f6ttar klienten i att reparera familjerelationer, utveckla social kompetens f\u00f6r att skapa nya, sunda v\u00e4nskapsband och hitta en gemenskap utanf\u00f6r missbrukskulturen.<\/p>\n\n\n\n<p class=\"has-gray-background-color has-background wp-block-paragraph\">Vi arbetar aktivt med att hj\u00e4lpa klienten att identifiera sina intressen och m\u00e5l, och st\u00f6ttar denne i att etablera en meningsfull syssels\u00e4ttning i form av studier, praktik, arbete eller ideellt engagemang.<\/p>\n<\/div><\/div>\n\n\n\n<div style=\"height:100px\" aria-hidden=\"true\" class=\"wp-block-spacer\"><\/div>\n\n\n\n<div class=\"wp-block-buttons is-layout-flex wp-block-buttons-is-layout-flex\">\n<div class=\"wp-block-button\"><a class=\"wp-block-button__link has-background wp-element-button\" href=\"https:\/\/www.kilaomsorg.se\/index.php\/kontakt\/\" style=\"background:linear-gradient(135deg,rgb(74,234,220) 0%,rgb(151,120,209) 20%,rgba(207,41,185,0.91) 40%,rgb(238,44,130) 60%,rgb(251,105,98) 80%,rgb(254,248,76) 100%)\">Jag vill veta mer &#8211; kontakta mig!<\/a><\/div>\n<\/div>\n\n\n\n<hr class=\"wp-block-separator has-text-color has-purple-color has-alpha-channel-opacity has-purple-background-color has-background is-style-wide\"\/>\n\n\n\n<h3 class=\"wp-block-heading\">G\u00e4stl\u00e4genhet f\u00f6r anh\u00f6riga<\/h3>\n\n\n\n<p class=\"wp-block-paragraph\">En g\u00e4stl\u00e4genhet f\u00f6r anh\u00f6riga finns och den \u00e4r kostnadsfri att disponera n\u00e4r n\u00e4rst\u00e5ende \u00e4r p\u00e5 bes\u00f6k. Ibland bor man kanske inte i n\u00e4rheten och d\u00e5 kan det vara sk\u00f6nt att kunna \u00f6vernatta f\u00f6r att f\u00e5 tid att umg\u00e5s. L\u00e4genheten beh\u00f6ver bokas och det g\u00f6r du genom att fylla i nedanst\u00e5ende f\u00f6rfr\u00e5gan alternativt genom att kontakta oss via telefon.<\/p>\n\n\n<div class=\"wpforms-container wpforms-container-full wpforms-block wpforms-block-cbc522fd-492f-4a65-9dfe-7b8ff4cea7df wpforms-render-modern\" id=\"wpforms-171\"><form id=\"wpforms-form-171\" class=\"wpforms-validate wpforms-form wpforms-ajax-form\" data-formid=\"171\" method=\"post\" enctype=\"multipart\/form-data\" action=\"\/index.php\/wp-json\/wp\/v2\/pages\/9\" data-token=\"9b579dde174546816d651f439e734cfe\" data-token-time=\"1788547522\"><noscript class=\"wpforms-error-noscript\">Aktivera JavaScript i din webbl\u00e4sare f\u00f6r att slutf\u00f6ra detta formul\u00e4r.<\/noscript><div class=\"wpforms-hidden\" id=\"wpforms-error-noscript\">Aktivera JavaScript i din webbl\u00e4sare f\u00f6r att slutf\u00f6ra detta formul\u00e4r.<\/div><div class=\"wpforms-field-container\"><div id=\"wpforms-171-field_1-container\" class=\"wpforms-field wpforms-field-name\" data-field-id=\"1\"><fieldset><legend class=\"wpforms-field-label\">Namn <span class=\"wpforms-required-label\" aria-hidden=\"true\">*<\/span><\/legend><div class=\"wpforms-field-row wpforms-field-medium\"><div class=\"wpforms-field-row-block wpforms-first wpforms-one-half\"><input type=\"text\" id=\"wpforms-171-field_1\" class=\"wpforms-field-name-first wpforms-field-required\" name=\"wpforms[fields][1][first]\" aria-errormessage=\"wpforms-171-field_1-error\" aria-describedby=\"wpforms-171-field_1-description\" required><label for=\"wpforms-171-field_1\" class=\"wpforms-field-sublabel after\">F\u00f6rst<\/label><\/div><div class=\"wpforms-field-row-block wpforms-one-half\"><input type=\"text\" id=\"wpforms-171-field_1-last\" class=\"wpforms-field-name-last wpforms-field-required\" name=\"wpforms[fields][1][last]\" aria-errormessage=\"wpforms-171-field_1-last-error\" aria-describedby=\"wpforms-171-field_1-description\" required><label for=\"wpforms-171-field_1-last\" class=\"wpforms-field-sublabel after\">Sist<\/label><\/div><\/div><div id=\"wpforms-171-field_1-description\" class=\"wpforms-field-description\">Ange f\u00f6rnamn och efternamn<\/div><\/fieldset><\/div><div id=\"wpforms-171-field_2-container\" class=\"wpforms-field wpforms-field-number\" data-field-id=\"2\"><label class=\"wpforms-field-label\" for=\"wpforms-171-field_2\">Telefonnummer<\/label><input type=\"number\" id=\"wpforms-171-field_2\" class=\"wpforms-field-medium\" name=\"wpforms[fields][2]\" aria-errormessage=\"wpforms-171-field_2-error\" aria-describedby=\"wpforms-171-field_2-description\" ><div id=\"wpforms-171-field_2-description\" class=\"wpforms-field-description\">Ange ditt telefonnummer med endast siffror.<\/div><\/div><div id=\"wpforms-171-field_3-container\" class=\"wpforms-field wpforms-field-email\" data-field-id=\"3\"><label class=\"wpforms-field-label\" for=\"wpforms-171-field_3\">E-post <span class=\"wpforms-required-label\" aria-hidden=\"true\">*<\/span><\/label><input type=\"email\" id=\"wpforms-171-field_3\" class=\"wpforms-field-medium wpforms-field-required\" name=\"wpforms[fields][3]\" spellcheck=\"false\" aria-errormessage=\"wpforms-171-field_3-error\" aria-describedby=\"wpforms-171-field_3-description\" required><div id=\"wpforms-171-field_3-description\" class=\"wpforms-field-description\">Ange din E-postadress i f\u00e4ltet.<\/div><\/div><div id=\"wpforms-171-field_4-container\" class=\"wpforms-field wpforms-field-text\" data-field-id=\"4\"><label class=\"wpforms-field-label\" for=\"wpforms-171-field_4\">Incheckning<\/label><input type=\"text\" id=\"wpforms-171-field_4\" class=\"wpforms-field-medium\" name=\"wpforms[fields][4]\" aria-errormessage=\"wpforms-171-field_4-error\" aria-describedby=\"wpforms-171-field_4-description\" ><div id=\"wpforms-171-field_4-description\" class=\"wpforms-field-description\">Ange \u00f6nskat datum och ungef\u00e4rlig tidpunkt f\u00f6r ankomst.<\/div><\/div><div id=\"wpforms-171-field_5-container\" class=\"wpforms-field wpforms-field-text\" data-field-id=\"5\"><label class=\"wpforms-field-label\" for=\"wpforms-171-field_5\">Utcheckning<\/label><input type=\"text\" id=\"wpforms-171-field_5\" class=\"wpforms-field-medium\" name=\"wpforms[fields][5]\" aria-errormessage=\"wpforms-171-field_5-error\" aria-describedby=\"wpforms-171-field_5-description\" ><div id=\"wpforms-171-field_5-description\" class=\"wpforms-field-description\">Ange \u00f6nskat datum och ungef\u00e4rlig tidpunkt f\u00f6r utcheckning.<\/div><\/div><\/div><!-- .wpforms-field-container --><div class=\"wpforms-submit-container\" ><input type=\"hidden\" name=\"wpforms[id]\" value=\"171\"><input type=\"hidden\" name=\"page_title\" value=\"\"><input type=\"hidden\" name=\"page_url\" value=\"https:\/\/www.kilaomsorg.se\/index.php\/wp-json\/wp\/v2\/pages\/9\"><button type=\"submit\" name=\"wpforms[submit]\" id=\"wpforms-submit-171\" class=\"wpforms-submit\" data-alt-text=\"Skickar \u2026\" data-submit-text=\"Skicka\" aria-live=\"assertive\" value=\"wpforms-submit\">Skicka<\/button><img loading=\"lazy\" decoding=\"async\" src=\"https:\/\/www.kilaomsorg.se\/wp-content\/plugins\/wpforms-lite\/assets\/images\/submit-spin.svg\" class=\"wpforms-submit-spinner\" style=\"display: none;\" width=\"26\" height=\"26\" alt=\"Laddar\"><\/div><\/form><\/div>  <!-- .wpforms-container -->\n\n\n<p class=\"wp-block-paragraph\"><\/p>\n","protected":false},"excerpt":{"rendered":"<p>Flygfoto av Kila Kyrkby fr\u00e5n tidigt 1970-tal Fastigheten har genom \u00e5ren bl.a anv\u00e4nds som v\u00e5rdinr\u00e4ttning och \u00e4ldreboende, men inhyser idag &hellip; <a href=\"https:\/\/www.kilaomsorg.se\/index.php\/boende\/\" class=\"more-link\"><span class=\"more-button\">L\u00e4s mer<span class=\"screen-reader-text\">Boende<\/span><\/span><\/a><\/p>\n","protected":false},"author":1,"featured_media":0,"parent":0,"menu_order":0,"comment_status":"closed","ping_status":"closed","template":"","meta":{"footnotes":""},"class_list":["post-9","page","type-page","status-publish","hentry"],"_links":{"self":[{"href":"https:\/\/www.kilaomsorg.se\/index.php\/wp-json\/wp\/v2\/pages\/9","targetHints":{"allow":["GET"]}}],"collection":[{"href":"https:\/\/www.kilaomsorg.se\/index.php\/wp-json\/wp\/v2\/pages"}],"about":[{"href":"https:\/\/www.kilaomsorg.se\/index.php\/wp-json\/wp\/v2\/types\/page"}],"author":[{"embeddable":true,"href":"https:\/\/www.kilaomsorg.se\/index.php\/wp-json\/wp\/v2\/users\/1"}],"replies":[{"embeddable":true,"href":"https:\/\/www.kilaomsorg.se\/index.php\/wp-json\/wp\/v2\/comments?post=9"}],"version-history":[{"count":38,"href":"https:\/\/www.kilaomsorg.se\/index.php\/wp-json\/wp\/v2\/pages\/9\/revisions"}],"predecessor-version":[{"id":334,"href":"https:\/\/www.kilaomsorg.se\/index.php\/wp-json\/wp\/v2\/pages\/9\/revisions\/334"}],"wp:attachment":[{"href":"https:\/\/www.kilaomsorg.se\/index.php\/wp-json\/wp\/v2\/media?parent=9"}],"curies":[{"name":"wp","href":"https:\/\/api.w.org\/{rel}","templated":true}]}}